{"id":8307,"date":"2022-03-26T17:56:40","date_gmt":"2022-03-26T16:56:40","guid":{"rendered":"https:\/\/maths-olympiques.fr\/?page_id=8307"},"modified":"2022-07-11T15:30:11","modified_gmt":"2022-07-11T13:30:11","slug":"questions-frequentes","status":"publish","type":"page","link":"https:\/\/maths-olympiques.fr\/?page_id=8307","title":{"rendered":"FAQ : Questions fr\u00e9quentes"},"content":{"rendered":"<div id=\"accordions-8309\" class=\"accordions-8309 accordions\" data-accordions={&quot;lazyLoad&quot;:true,&quot;id&quot;:&quot;8309&quot;,&quot;event&quot;:&quot;click&quot;,&quot;collapsible&quot;:&quot;true&quot;,&quot;heightStyle&quot;:&quot;content&quot;,&quot;animateStyle&quot;:&quot;swing&quot;,&quot;animateDelay&quot;:1000,&quot;navigation&quot;:true,&quot;active&quot;:999,&quot;expandedOther&quot;:&quot;no&quot;}>\n                <div id=\"accordions-lazy-8309\" class=\"accordions-lazy\" accordionsId=\"8309\">\n                    <\/div>\n\n        <div class=\"items\"  style=\"display:none\" >\n        \n                <div post_id=\"8309\" itemcount=\"0\"  header_id=\"header-1648289788250\" id=\"header-1648289788250\" style=\"\" class=\"accordions-head head1648289788250 border-none\" toggle-text=\"\" main-text=\"Comment puis-je participer aux activit\u00e9s de la POFM ?\">\n                                            <span id=\"accordion-icons-1648289788250\" class=\"accordion-icons\">\n                            <span class=\"accordion-icon-active accordion-plus\"><i class=\"fas fa-chevron-up\"><\/i><\/span>\n                            <span class=\"accordion-icon-inactive accordion-minus\"><i class=\"fas fa-chevron-right\"><\/i><\/span>\n                        <\/span>\n                        <span id=\"header-text-1648289788250\" class=\"accordions-head-title\">Comment puis-je participer aux activit\u00e9s de la POFM ?<\/span>\n                                    <\/div>\n                <div class=\"accordion-content content1648289788250 \">\n                    <p>Il est n\u00e9cessaire de s\u2019inscrire et d\u2019\u00eatre s\u00e9lectionn\u00e9 via la Coupe Animath d\u2019Automne, qui a lieu en septembre\/octobre, ou via la coupe Animath de Printemps, qui a lieu en mai\/juin.<\/p>\n                <\/div>\n        \n                <div post_id=\"8309\" itemcount=\"1\"  header_id=\"header-1648290319478\" id=\"header-1648290319478\" style=\"\" class=\"accordions-head head1648290319478 border-none\" toggle-text=\"\" main-text=\"La POFM pr\u00e9pare-t-elle aux Olympiades de maths de premi\u00e8re\u00a0?\">\n                                            <span id=\"accordion-icons-1648290319478\" class=\"accordion-icons\">\n                            <span class=\"accordion-icon-active accordion-plus\"><i class=\"fas fa-chevron-up\"><\/i><\/span>\n                            <span class=\"accordion-icon-inactive accordion-minus\"><i class=\"fas fa-chevron-right\"><\/i><\/span>\n                        <\/span>\n                        <span id=\"header-text-1648290319478\" class=\"accordions-head-title\">La POFM pr\u00e9pare-t-elle aux Olympiades de maths de premi\u00e8re\u00a0?<\/span>\n                                    <\/div>\n                <div class=\"accordion-content content1648290319478 \">\n                    <p>Non, il y a souvent confusion entre les noms mais la POFM ne vise qu'\u00e0 la pr\u00e9paration aux olympiades internationales, pas aux olympiades de premi\u00e8re. Ces derni\u00e8res sont organis\u00e9es par le minist\u00e8re et nous n\u2019y jouons aucun r\u00f4le. Nous vous laissons donc vous informer sur leur site.<\/p>\n                <\/div>\n        \n                <div post_id=\"8309\" itemcount=\"2\"  header_id=\"header-1753404922190\" id=\"header-1753404922190\" style=\"\" class=\"accordions-head head1753404922190 border-none\" toggle-text=\"\" main-text=\"Qui peut participer aux coupes Animath ?\">\n                                            <span id=\"accordion-icons-1753404922190\" class=\"accordion-icons\">\n                            <span class=\"accordion-icon-active accordion-plus\"><i class=\"fas fa-chevron-up\"><\/i><\/span>\n                            <span class=\"accordion-icon-inactive accordion-minus\"><i class=\"fas fa-chevron-right\"><\/i><\/span>\n                        <\/span>\n                        <span id=\"header-text-1753404922190\" class=\"accordions-head-title\">Qui peut participer aux coupes Animath ?<\/span>\n                                    <\/div>\n                <div class=\"accordion-content content1753404922190 \">\n                    <p>La coupes Animath d'Automne sont ouvertes \u00e0 tous les \u00e9l\u00e8ves de la <strong>quatri\u00e8me<\/strong> \u00e0 la <strong>terminale<\/strong> (les \u00e9l\u00e8ves de cinqui\u00e8me peuvent \u00e9galement participer, mais il est possible que certaines notions n\u00e9cessaires \u00e0 la r\u00e9solution des probl\u00e8mes rel\u00e8vent du programme de quatri\u00e8me). <strong>Les \u00e9l\u00e8ves de sixi\u00e8me et de niveau scolaire inf\u00e9rieur sont interdits.<\/strong><\/p>\n<p>Pour la coupe Animath de Printemps, les \u00e9l\u00e8ves pouvant participer sont les m\u00eames qu'\u00e0 celle d'Automne except\u00e9 le fait que les Terminales ne sont pas autoris\u00e9s \u00e0 s'inscrire. En effet, la coupe Animath de Printemps a pour objectif de donner acc\u00e8s \u00e0 un stage formant pour les Olympiades Internationales, et les terminales n'y seront plus \u00e9ligibles l'ann\u00e9e suivante.<\/p>\n                <\/div>\n        \n                <div post_id=\"8309\" itemcount=\"3\"  header_id=\"header-1648290153461\" id=\"header-1648290153461\" style=\"\" class=\"accordions-head head1648290153461 border-none\" toggle-text=\"\" main-text=\"Quand et comment peut-on s\u2019inscrire aux coupes Animath d\u2019Automne et de Printemps ? \">\n                                            <span id=\"accordion-icons-1648290153461\" class=\"accordion-icons\">\n                            <span class=\"accordion-icon-active accordion-plus\"><i class=\"fas fa-chevron-up\"><\/i><\/span>\n                            <span class=\"accordion-icon-inactive accordion-minus\"><i class=\"fas fa-chevron-right\"><\/i><\/span>\n                        <\/span>\n                        <span id=\"header-text-1648290153461\" class=\"accordions-head-title\">Quand et comment peut-on s\u2019inscrire aux coupes Animath d\u2019Automne et de Printemps ? <\/span>\n                                    <\/div>\n                <div class=\"accordion-content content1648290153461 \">\n                    <p>Les inscriptions se font en ligne, via un lien se trouvant sur notre site. Elles se font d\u00e9but septembre pour la coupe d\u2019Automne et fin avril \/ d\u00e9but mai pour la coupe de Printemps. (<a href=\"https:\/\/maths-olympiques.fr\/?p=15260\">Automne_2024<\/a>, <a href=\"https:\/\/maths-olympiques.fr\/?p=14036\">Printemps 2024<\/a>)<\/p>\n                <\/div>\n        \n                <div post_id=\"8309\" itemcount=\"4\"  header_id=\"header-1648290187188\" id=\"header-1648290187188\" style=\"\" class=\"accordions-head head1648290187188 border-none\" toggle-text=\"\" main-text=\"Comment puis je participer au stage de la Toussaint, de f\u00e9vrier ou d\u2019\u00e9t\u00e9? \">\n                                            <span id=\"accordion-icons-1648290187188\" class=\"accordion-icons\">\n                            <span class=\"accordion-icon-active accordion-plus\"><i class=\"fas fa-chevron-up\"><\/i><\/span>\n                            <span class=\"accordion-icon-inactive accordion-minus\"><i class=\"fas fa-chevron-right\"><\/i><\/span>\n                        <\/span>\n                        <span id=\"header-text-1648290187188\" class=\"accordions-head-title\">Comment puis je participer au stage de la Toussaint, de f\u00e9vrier ou d\u2019\u00e9t\u00e9? <\/span>\n                                    <\/div>\n                <div class=\"accordion-content content1648290187188 \">\n                    <p>Les stages de la Toussaint, de f\u00e9vrier ou d\u2019\u00e9t\u00e9 ne visent pas les m\u00eame \u00e9l\u00e8ves et ont une s\u00e9lection diff\u00e9rente.<\/p>\n<ol>\n<li>Le stage de la Toussaint est r\u00e9serv\u00e9 aux \u00e9l\u00e8ves de coll\u00e8ge (ou seconde avec un an d\u2019avance). La s\u00e9lection est ouverte \u00e0 tous, et est effectu\u00e9e sur dossier.<\/li>\n<li>Le stage de f\u00e9vrier est r\u00e9serv\u00e9 aux coll\u00e9giens et lyc\u00e9ens ayant \u00e9t\u00e9 s\u00e9lectionn\u00e9s \u00e0 la POFM via la coupe Animath d\u2019automne et ayant obtenu les meilleurs notes aux tests tout le long de l\u2019ann\u00e9e.<\/li>\n<li>Le stage d\u2019\u00e9t\u00e9 est r\u00e9serv\u00e9 aux \u00e9l\u00e8ves qui seront au coll\u00e8ge ou lyc\u00e9e l\u2019an prochain. La s\u00e9lection se fait via la coupe de Printemps, qui est ouverte \u00e0 tous.<\/li>\n<\/ol>\n                <\/div>\n        \n                <div post_id=\"8309\" itemcount=\"5\"  header_id=\"header-1648290194058\" id=\"header-1648290194058\" style=\"\" class=\"accordions-head head1648290194058 border-none\" toggle-text=\"\" main-text=\"J\u2019ai manqu\u00e9 l\u2019inscription \u00e0 la coupe en d\u00e9but d\u2019ann\u00e9e. Puis-je tout de m\u00eame participer \u00e0 la POFM\u00a0?\">\n                                            <span id=\"accordion-icons-1648290194058\" class=\"accordion-icons\">\n                            <span class=\"accordion-icon-active accordion-plus\"><i class=\"fas fa-chevron-up\"><\/i><\/span>\n                            <span class=\"accordion-icon-inactive accordion-minus\"><i class=\"fas fa-chevron-right\"><\/i><\/span>\n                        <\/span>\n                        <span id=\"header-text-1648290194058\" class=\"accordions-head-title\">J\u2019ai manqu\u00e9 l\u2019inscription \u00e0 la coupe en d\u00e9but d\u2019ann\u00e9e. Puis-je tout de m\u00eame participer \u00e0 la POFM\u00a0?<\/span>\n                                    <\/div>\n                <div class=\"accordion-content content1648290194058 \">\n                    <p>Malheureusement, non. Beaucoup d\u2019\u00e9l\u00e8ves ayant particip\u00e9 \u00e0 la coupe Animath d\u2019automne n\u2019ont pas \u00e9t\u00e9 s\u00e9lectionn\u00e9s et il serait injuste d\u2019accepter un \u00e9l\u00e8ve n\u2019ayant pas pass\u00e9 cette \u00e9tape. Par contre, il restera possible de participer \u00e0 la prochaine coupe Animath de Printemps, qui est ouverte \u00e0 tous. Et il y a beaucoup d\u2019autres activit\u00e9s (voir questions suivantes).<\/p>\n                <\/div>\n        \n                <div post_id=\"8309\" itemcount=\"6\"  header_id=\"header-1648290277004\" id=\"header-1648290277004\" style=\"\" class=\"accordions-head head1648290277004 border-none\" toggle-text=\"\" main-text=\"Je souhaiterais pratiquer d\u2019avantage les maths olympiques par moi-m\u00eame. Par o\u00f9 commencer\u00a0?\">\n                                            <span id=\"accordion-icons-1648290277004\" class=\"accordion-icons\">\n                            <span class=\"accordion-icon-active accordion-plus\"><i class=\"fas fa-chevron-up\"><\/i><\/span>\n                            <span class=\"accordion-icon-inactive accordion-minus\"><i class=\"fas fa-chevron-right\"><\/i><\/span>\n                        <\/span>\n                        <span id=\"header-text-1648290277004\" class=\"accordions-head-title\">Je souhaiterais pratiquer d\u2019avantage les maths olympiques par moi-m\u00eame. Par o\u00f9 commencer\u00a0?<\/span>\n                                    <\/div>\n                <div class=\"accordion-content content1648290277004 \">\n                    <p>Un excellent site (tous nos \u00e9l\u00e8ves sont dessus) est celui de la pr\u00e9paration olympique belge <a href=\"https:\/\/www.mathraining.be\/\">https:\/\/www.mathraining.be<\/a>. Il y a \u00e9norm\u00e9ment de cours et de feuilles d\u2019exercices disponibles sur notre site, que tu peux parcourir. Pour commencer, nous te conseillons de consulter les polycopi\u00e9s des stages pr\u00e9c\u00e9dents <a href=\"https:\/\/maths-olympiques.fr\/?page_id=43\">https:\/\/maths-olympiques.fr\/?page_id=43<\/a> et de regarder les cours du groupe A. Il y a aussi notre cha\u00eene YouTube <a href=\"https:\/\/www.youtube.com\/c\/POFM-yt\">https:\/\/www.youtube.com\/c\/POFM-yt<\/a> avec plus d\u2019une centaine d\u2019exercices.<\/p>\n                <\/div>\n        \n                <div post_id=\"8309\" itemcount=\"7\"  header_id=\"header-1648290318928\" id=\"header-1648290318928\" style=\"\" class=\"accordions-head head1648290318928 border-none\" toggle-text=\"\" main-text=\"Y a-t-il d\u2019autres activit\u00e9s de math\u00e9matiques propos\u00e9es\u00a0?\">\n                                            <span id=\"accordion-icons-1648290318928\" class=\"accordion-icons\">\n                            <span class=\"accordion-icon-active accordion-plus\"><i class=\"fas fa-chevron-up\"><\/i><\/span>\n                            <span class=\"accordion-icon-inactive accordion-minus\"><i class=\"fas fa-chevron-right\"><\/i><\/span>\n                        <\/span>\n                        <span id=\"header-text-1648290318928\" class=\"accordions-head-title\">Y a-t-il d\u2019autres activit\u00e9s de math\u00e9matiques propos\u00e9es\u00a0?<\/span>\n                                    <\/div>\n                <div class=\"accordion-content content1648290318928 \">\n                    <p>La POFM fait partie d\u2019Animath <a href=\"https:\/\/animath.fr\/\">https:\/\/animath.fr<\/a>, qui organise beaucoup d\u2019autres actions autour des math\u00e9matique tel que le TFJM ou le concours Al-Kindi. Vous pouvez \u00e9galement trouver sur le site une liste de club de maths tr\u00e8s divers un peu partout en France <a href=\"https:\/\/animath.fr\/actions\/clubs\">https:\/\/animath.fr\/actions\/clubs<\/a>.<\/p>\n                <\/div>\n        \n                <div post_id=\"8309\" itemcount=\"8\"  header_id=\"header-1648290319997\" id=\"header-1648290319997\" style=\"\" class=\"accordions-head head1648290319997 border-none\" toggle-text=\"\" main-text=\"Je suis un \u00e9l\u00e8ve habitant \u00e0 l\u2019\u00e9tranger. Puis-je tout de m\u00eame participer \u00e0 la POFM?\">\n                                            <span id=\"accordion-icons-1648290319997\" class=\"accordion-icons\">\n                            <span class=\"accordion-icon-active accordion-plus\"><i class=\"fas fa-chevron-up\"><\/i><\/span>\n                            <span class=\"accordion-icon-inactive accordion-minus\"><i class=\"fas fa-chevron-right\"><\/i><\/span>\n                        <\/span>\n                        <span id=\"header-text-1648290319997\" class=\"accordions-head-title\">Je suis un \u00e9l\u00e8ve habitant \u00e0 l\u2019\u00e9tranger. Puis-je tout de m\u00eame participer \u00e0 la POFM?<\/span>\n                                    <\/div>\n                <div class=\"accordion-content content1648290319997 \">\n                    <p>Oui, les activit\u00e9s de la POFM sont ouvertes \u00e0 tous et nous avons tous les ans des \u00e9l\u00e8ves \u00e9trangers \u00e0 nos stages. Il n\u2019y a que pour les \u00e9quipes nationales repr\u00e9sentant la France aux comp\u00e9titions internationales o\u00f9 il est demand\u00e9 d'avoir la nationalit\u00e9 Fran\u00e7aise, de vivre sur le territoire fran\u00e7ais ou d'\u00e9tudier dans un lyc\u00e9e fran\u00e7ais.<\/p>\n                <\/div>\n            <\/div>\n\n\n    \n                <\/div>\n","protected":false},"excerpt":{"rendered":"","protected":false},"author":11,"featured_media":0,"parent":0,"menu_order":0,"comment_status":"closed","ping_status":"closed","template":"","meta":{"footnotes":""},"class_list":["post-8307","page","type-page","status-publish","hentry"],"_links":{"self":[{"href":"https:\/\/maths-olympiques.fr\/index.php?rest_route=\/wp\/v2\/pages\/8307","targetHints":{"allow":["GET"]}}],"collection":[{"href":"https:\/\/maths-olympiques.fr\/index.php?rest_route=\/wp\/v2\/pages"}],"about":[{"href":"https:\/\/maths-olympiques.fr\/index.php?rest_route=\/wp\/v2\/types\/page"}],"author":[{"embeddable":true,"href":"https:\/\/maths-olympiques.fr\/index.php?rest_route=\/wp\/v2\/users\/11"}],"replies":[{"embeddable":true,"href":"https:\/\/maths-olympiques.fr\/index.php?rest_route=%2Fwp%2Fv2%2Fcomments&post=8307"}],"version-history":[{"count":3,"href":"https:\/\/maths-olympiques.fr\/index.php?rest_route=\/wp\/v2\/pages\/8307\/revisions"}],"predecessor-version":[{"id":9474,"href":"https:\/\/maths-olympiques.fr\/index.php?rest_route=\/wp\/v2\/pages\/8307\/revisions\/9474"}],"wp:attachment":[{"href":"https:\/\/maths-olympiques.fr\/index.php?rest_route=%2Fwp%2Fv2%2Fmedia&parent=8307"}],"curies":[{"name":"wp","href":"https:\/\/api.w.org\/{rel}","templated":true}]}}